{"id":76,"date":"2019-03-28T09:35:24","date_gmt":"2019-03-28T09:35:24","guid":{"rendered":"https:\/\/familia.garcialamoneda.es\/?page_id=76"},"modified":"2019-03-28T10:50:12","modified_gmt":"2019-03-28T10:50:12","slug":"generacion-14","status":"publish","type":"page","link":"https:\/\/familia.garcialamoneda.es\/index.php\/generacion-14\/","title":{"rendered":"Generaci\u00f3n 14"},"content":{"rendered":"\n<p>&nbsp;&nbsp;&nbsp;&nbsp;&nbsp;&nbsp; 132. <strong>Maria Josefa de la Moneda\nRamirez<\/strong> (Diego de la Moneda Ayala, Sebastian Fernando de la Moneda\nColon, Diego Jose de la Moneda Marin, Juan Nicolas de la Moneda Guevara, Fernando\nAntonio de Lamoneda y Rios, Juan Francisco de Lamoneda Marin, Hernando de\nLamoneda Pe\u00f1afiel, Juan de Lamoneda y Villaperez, Diego Buitrago de la Moneda y\nAguirre, Gregorio de la Moneda Martinez, Juan de Lamoneda, Francisco de\nLamoneda, Cicco Simonetta) naci\u00f3 en Begijar.<\/p>\n\n\n\n<p>Maria se cas\u00f3 con <strong>Marcos Garcia Perez<\/strong>, hijo de Marcos\nGarcia Moreno y Maria Perez, en Lupion. Marcos naci\u00f3 en Lupion.<\/p>\n\n\n\n<p>Ellos tuvieron los hijos siguientes:<\/p>\n\n\n\n<p>&nbsp;&nbsp;&nbsp;&nbsp;&nbsp;&nbsp;&nbsp;&nbsp;&nbsp;148\nM&nbsp;&nbsp;&nbsp;&nbsp;&nbsp;&nbsp;&nbsp; i.&nbsp;&nbsp;<strong> Ignacio\nGarcia Lamoneda<\/strong>.<\/p>\n\n\n\n<p>+&nbsp;&nbsp;&nbsp;&nbsp;&nbsp;&nbsp; 149\nF&nbsp;&nbsp;&nbsp;&nbsp;&nbsp;&nbsp;&nbsp; ii.&nbsp;&nbsp; <strong>Juana Maria\nGarcia Lamoneda<\/strong>.<\/p>\n\n\n\n<p>+&nbsp;&nbsp;&nbsp;&nbsp;&nbsp;&nbsp; 150\nM&nbsp;&nbsp;&nbsp;&nbsp;&nbsp;&nbsp; iii.&nbsp;&nbsp;<strong> Francisco Garcia\nLamoneda<\/strong>.<\/p>\n\n\n\n<p>+&nbsp;&nbsp;&nbsp;&nbsp;&nbsp;&nbsp; 151\nM&nbsp;&nbsp;&nbsp;&nbsp;&nbsp;&nbsp; iv.&nbsp;&nbsp; <strong>Diego Garcia\nLamoneda<\/strong>.<\/p>\n\n\n\n<p>+&nbsp;&nbsp;&nbsp;&nbsp;&nbsp;&nbsp; 152\nM&nbsp;&nbsp;&nbsp;&nbsp;&nbsp;&nbsp; v.&nbsp;&nbsp; <strong>Juan Antonio\nGarcia Lamoneda<\/strong>.<\/p>\n\n\n\n<p>+&nbsp;&nbsp;&nbsp;&nbsp;&nbsp;&nbsp; 153\nF&nbsp;&nbsp;&nbsp;&nbsp;&nbsp;&nbsp;&nbsp;vi.&nbsp;&nbsp; <strong>Mariana\nGarcia Lamoneda<\/strong>.<\/p>\n\n\n\n<p>+&nbsp;&nbsp;&nbsp;&nbsp;&nbsp;&nbsp;&nbsp;154 M&nbsp;&nbsp;&nbsp;&nbsp;&nbsp;\nvii.&nbsp;&nbsp; <strong>Jose Antonio Garcia Lamoneda<\/strong>.<\/p>\n\n\n\n<hr class=\"wp-block-separator\"\/>\n\n\n\n<p>&nbsp;&nbsp; 133. <strong>Juana Maria De Lamoneda Ramirez<\/strong> (Diego de\nla Moneda Ayala, Sebastian Fernando de la Moneda Colon, Diego Jose de la Moneda\nMarin, Juan Nicolas de la Moneda Guevara, Fernando Antonio de Lamoneda y Rios,\nJuan Francisco de Lamoneda Marin, Hernando de Lamoneda Pe\u00f1afiel, Juan de\nLamoneda y Villaperez, Diego Buitrago de la Moneda y Aguirre, Gregorio de la\nMoneda Martinez, Juan de Lamoneda, Francisco de Lamoneda, Cicco Simonetta).<\/p>\n\n\n\n<p>Juana se cas\u00f3 con (su tio)<strong> Francisco de la Moneda Ayala<\/strong>,\nhijo de Sebastian Fernando de la Moneda Colon y Juana de Ayala Colon. Francisco\nnaci\u00f3 el 16 Julio 1799 en Begijar y tuvo su bautismo infantil el 18 Julio 1799\nen Parroquia Santiago Apostol &#8211; BEGIJAR.<\/p>\n\n\n\n<p>Corregidor de Baeza<\/p>\n\n\n\n<p>Francisco y Juana tuvieron los hijos siguientes:<\/p>\n\n\n\n<p>+&nbsp;&nbsp;&nbsp;&nbsp;&nbsp;&nbsp; 141\nM&nbsp;&nbsp;&nbsp;&nbsp;&nbsp;&nbsp;&nbsp; i.&nbsp;&nbsp; <strong>Sebastian de\nla Moneda y Lamoneda<\/strong>.<\/p>\n\n\n\n<p>+&nbsp;&nbsp;&nbsp;&nbsp;&nbsp;&nbsp; 142\nM&nbsp;&nbsp;&nbsp;&nbsp;&nbsp;&nbsp;&nbsp; ii.&nbsp; <strong>Diego La Moneda\nLa Moneda<\/strong>.<\/p>\n\n\n\n<p>+&nbsp;&nbsp;&nbsp;&nbsp;&nbsp;&nbsp; 143\nM&nbsp;&nbsp;&nbsp;&nbsp;&nbsp;&nbsp; iii.&nbsp; <strong>Francisco Jos\u00e9\nLamoneda y Lamoneda<\/strong>.<\/p>\n\n\n\n<hr class=\"wp-block-separator\"\/>\n\n\n\n<p>&nbsp;&nbsp; 140. <strong>Pedro Ramirez Lamoneda<\/strong> (Sebastiana de la\nMoneda Ayala, Sebastian Fernando de la Moneda Colon, Diego Jose de la Moneda\nMarin, Juan Nicolas de la Moneda Guevara, Fernando Antonio de Lamoneda y Rios,\nJuan Francisco de Lamoneda Marin, Hernando de Lamoneda Pe\u00f1afiel, Juan de\nLamoneda y Villaperez, Diego Buitrago de la Moneda y Aguirre, Gregorio de la\nMoneda Martinez, Juan de Lamoneda, Francisco de Lamoneda, Cicco Simonetta)\nnaci\u00f3 en Begijar.<\/p>\n\n\n\n<p>Pedro se cas\u00f3 con <strong>Monica Perez Ortiz<\/strong>. Monica naci\u00f3 en\nBaeza.<\/p>\n\n\n\n<p>Ellos tuvieron los hijos siguientes:<\/p>\n\n\n\n<p>+&nbsp;&nbsp;&nbsp;&nbsp;&nbsp;&nbsp; 158\nF&nbsp;&nbsp;&nbsp;&nbsp;&nbsp;&nbsp;&nbsp;&nbsp;&nbsp; i.&nbsp;&nbsp; <strong>Isabel\nRamirez Perez<\/strong>.<\/p>\n\n\n\n<p>+&nbsp;&nbsp;&nbsp;&nbsp;&nbsp;&nbsp; 159\nF&nbsp;&nbsp;&nbsp;&nbsp;&nbsp;&nbsp;&nbsp;&nbsp; ii.&nbsp;&nbsp; <strong>Josefa\nRamirez Perez<\/strong>.<\/p>\n\n\n\n<p>+&nbsp;&nbsp;&nbsp;&nbsp;&nbsp;&nbsp; 160 M&nbsp;&nbsp;&nbsp;&nbsp;&nbsp;\n&nbsp; iii.&nbsp;&nbsp;<strong> Rufino Ramirez Perez<\/strong>.<\/p>\n\n\n\n<hr class=\"wp-block-separator\"\/>\n\n\n\n<p>&nbsp;&nbsp; 141. <strong>Sebastian de la Moneda y Lamoneda<\/strong>\n(Francisco de la Moneda Ayala, Sebastian Fernando de la Moneda Colon, Diego\nJose de la Moneda Marin, Juan Nicolas de la Moneda Guevara, Fernando Antonio de\nLamoneda y Rios, Juan Francisco de Lamoneda Marin, Hernando de Lamoneda\nPe\u00f1afiel, Juan de Lamoneda y Villaperez, Diego Buitrago de la Moneda y Aguirre,\nGregorio de la Moneda Martinez, Juan de Lamoneda, Francisco de Lamoneda, Cicco\nSimonetta) naci\u00f3 en Begijar.<\/p>\n\n\n\n<p>Sebastian se cas\u00f3 con <strong>Juana Garcia Ortiz<\/strong>.<\/p>\n\n\n\n<p>Ellos tuvieron los hijos siguientes:<\/p>\n\n\n\n<p>+&nbsp;&nbsp;&nbsp;&nbsp;&nbsp;&nbsp; 161\nM&nbsp;&nbsp;&nbsp;&nbsp;&nbsp;&nbsp;&nbsp; i.&nbsp;&nbsp;&nbsp; <strong>Francisco\nLamoneda Garcia<\/strong> muri\u00f3 el 14 Abril 1918.<\/p>\n\n\n\n<p>+&nbsp;&nbsp;&nbsp;&nbsp;&nbsp;&nbsp; 162\nM&nbsp;&nbsp;&nbsp;&nbsp;&nbsp;&nbsp;&nbsp; ii.&nbsp;&nbsp;<strong> Ramon de\nLamoneda Garcia<\/strong>.<\/p>\n\n\n\n<p>+&nbsp;&nbsp;&nbsp;&nbsp;&nbsp;&nbsp; 163 M&nbsp;&nbsp;&nbsp;&nbsp;&nbsp;\n&nbsp; iii.&nbsp;&nbsp;<strong> Sebastian de Lamoneda Garcia<\/strong>.<\/p>\n\n\n\n<p>+&nbsp;&nbsp;&nbsp;&nbsp;&nbsp;&nbsp; 164\nM&nbsp;&nbsp;&nbsp;&nbsp;&nbsp;&nbsp; &nbsp;iv.&nbsp;&nbsp; <strong>Diego de\nLamoneda Garcia<\/strong>.<\/p>\n\n\n\n<p>&nbsp;&nbsp;&nbsp;&nbsp;&nbsp;&nbsp;&nbsp;&nbsp;&nbsp; 165\nF&nbsp;&nbsp;&nbsp;&nbsp;&nbsp;&nbsp;&nbsp; v.&nbsp;&nbsp; <strong>Juana de\nLamoneda Garcia<\/strong>.<\/p>\n\n\n\n<p>Sin sucesi\u00f3n<\/p>\n\n\n\n<hr class=\"wp-block-separator\"\/>\n\n\n\n<figure class=\"wp-block-image\"><img loading=\"lazy\" decoding=\"async\" width=\"89\" height=\"111\" src=\"https:\/\/familia.garcialamoneda.es\/wp-content\/uploads\/2019\/03\/1.png\" alt=\"\" class=\"wp-image-133\"\/><\/figure>\n\n\n\n<p>&nbsp;&nbsp; 142.<strong> Diego La Moneda La Moneda<\/strong> (Francisco de\nla Moneda Ayala, Sebastian Fernando de la Moneda Colon, Diego Jose de la Moneda\nMarin, Juan Nicolas de la Moneda Guevara, Fernando Antonio de Lamoneda y Rios,\nJuan Francisco de Lamoneda Marin, Hernando de Lamoneda Pe\u00f1afiel, Juan de\nLamoneda y Villaperez, Diego Buitrago de la Moneda y Aguirre, Gregorio de la\nMoneda Martinez, Juan de Lamoneda, Francisco de Lamoneda, Cicco Simonetta)\nnaci\u00f3 en Begijar.<\/p>\n\n\n\n<figure class=\"wp-block-image\"><img loading=\"lazy\" decoding=\"async\" width=\"70\" height=\"121\" src=\"https:\/\/familia.garcialamoneda.es\/wp-content\/uploads\/2019\/03\/2.png\" alt=\"\" class=\"wp-image-134\"\/><\/figure>\n\n\n\n<p>&nbsp;&nbsp;&nbsp;&nbsp;&nbsp;&nbsp;&nbsp;&nbsp;&nbsp;&nbsp;&nbsp;&nbsp;&nbsp;&nbsp;&nbsp;&nbsp;&nbsp;&nbsp;&nbsp;&nbsp;&nbsp;&nbsp;&nbsp;&nbsp;&nbsp;&nbsp;&nbsp;&nbsp;&nbsp;&nbsp;&nbsp;&nbsp;&nbsp;&nbsp;&nbsp;&nbsp;&nbsp;&nbsp;&nbsp;&nbsp;&nbsp;&nbsp;&nbsp;&nbsp;&nbsp;&nbsp;&nbsp;&nbsp;&nbsp;&nbsp;&nbsp;&nbsp;&nbsp;&nbsp;&nbsp;\n<br>\nDiego se cas\u00f3 con <strong>Adela Garcia Perez<\/strong>, hija de Ignacio Garcia\nGarcia y Carmen Perez. Adela naci\u00f3 en Lupion.<\/p>\n\n\n\n<p>Ellos tuvieron los hijos siguientes:<\/p>\n\n\n\n<p>+&nbsp;&nbsp;&nbsp;&nbsp;&nbsp;&nbsp; 166\nM&nbsp;&nbsp;&nbsp;&nbsp;&nbsp;&nbsp;&nbsp; i.&nbsp;&nbsp; <strong>Francisco\nLamoneda Garcia<\/strong> naci\u00f3 en 1867 y muri\u00f3 en 1942.<\/p>\n\n\n\n<p>+&nbsp;&nbsp;&nbsp;&nbsp;&nbsp;&nbsp; 167\nM&nbsp;&nbsp;&nbsp;&nbsp;&nbsp;&nbsp;&nbsp; ii.&nbsp; <strong>Emilio Lamoneda\nGarcia<\/strong>.<\/p>\n\n\n\n<p>+&nbsp;&nbsp;&nbsp;&nbsp;&nbsp;&nbsp; 168 F&nbsp;&nbsp;&nbsp;&nbsp;&nbsp;&nbsp;&nbsp;&nbsp;\niii.&nbsp; <strong>Carmen Lamoneda Garcia<\/strong>.<\/p>\n\n\n\n<figure class=\"wp-block-image\"><img loading=\"lazy\" decoding=\"async\" width=\"66\" height=\"100\" src=\"https:\/\/familia.garcialamoneda.es\/wp-content\/uploads\/2019\/03\/3.png\" alt=\"\" class=\"wp-image-135\"\/><\/figure>\n\n\n\n<p>&nbsp;&nbsp;&nbsp;&nbsp;&nbsp;&nbsp;&nbsp;&nbsp;&nbsp; 169\nM&nbsp;&nbsp;&nbsp;&nbsp;&nbsp;&nbsp; iv.&nbsp;&nbsp; <strong>Enrique Lamoneda\nGarcia<\/strong>.<\/p>\n\n\n\n<p>Muri\u00f3 joven<\/p>\n\n\n\n<figure class=\"wp-block-image\"><img loading=\"lazy\" decoding=\"async\" width=\"85\" height=\"135\" src=\"https:\/\/familia.garcialamoneda.es\/wp-content\/uploads\/2019\/03\/4.png\" alt=\"\" class=\"wp-image-136\"\/><\/figure>\n\n\n\n<p>&nbsp;&nbsp;&nbsp;&nbsp;&nbsp;&nbsp;&nbsp;&nbsp;&nbsp;&nbsp; 170\nM&nbsp;&nbsp;&nbsp;&nbsp;&nbsp;&nbsp; v.&nbsp;&nbsp; <strong>Diego Lamoneda\nGarcia<\/strong>.<\/p>\n\n\n\n<p>Sin sucesi\u00f3n<\/p>\n\n\n\n<p>Diego se cas\u00f3 con<strong> Mercedes Garcia Merino<\/strong>, hija de Ignacio\nGarcia Perez y Josefa Merino Lara.<\/p>\n\n\n\n<p>&nbsp;&nbsp;&nbsp;&nbsp;&nbsp;&nbsp;&nbsp;&nbsp;&nbsp;&nbsp;&nbsp; 171\nF&nbsp;&nbsp;&nbsp;&nbsp;&nbsp;&nbsp;&nbsp; vi.&nbsp;&nbsp; <strong>Adela\nLamoneda Garcia<\/strong>.<\/p>\n\n\n\n<p>Sin sucesi\u00f3n<\/p>\n\n\n\n<p>Adela se cas\u00f3 con <strong>Juan Mu\u00f1oz Rodriguez<\/strong>, hijo de Vicente\nMu\u00f1oz Cuevas y Florentina Rodriguez Ramirez. Juan naci\u00f3 en Lupion.<\/p>\n\n\n\n<p>+&nbsp;&nbsp;&nbsp;&nbsp;&nbsp;&nbsp; 172\nF&nbsp;&nbsp;&nbsp;&nbsp;&nbsp;&nbsp; vii.&nbsp;&nbsp; <strong>Juana Lamoneda\nGarcia<\/strong>.<\/p>\n\n\n\n<p>+&nbsp;&nbsp;&nbsp;&nbsp;&nbsp;&nbsp; 173 F&nbsp;&nbsp;&nbsp;&nbsp;&nbsp;\nviii.&nbsp;&nbsp; <strong>Amalia La Moneda Garcia<\/strong> naci\u00f3 el 2 Enero\n1888.<\/p>\n\n\n\n<hr class=\"wp-block-separator\"\/>\n\n\n\n<p>&nbsp;&nbsp; 143. <strong>Francisco Jos\u00e9 Lamoneda y Lamoneda<\/strong>\n(Francisco de la Moneda Ayala, Sebastian Fernando de la Moneda Colon, Diego\nJose de la Moneda Marin, Juan Nicolas de la Moneda Guevara, Fernando Antonio de\nLamoneda y Rios, Juan Francisco de Lamoneda Marin, Hernando de Lamoneda\nPe\u00f1afiel, Juan de Lamoneda y Villaperez, Diego Buitrago de la Moneda y Aguirre,\nGregorio de la Moneda Martinez, Juan de Lamoneda, Francisco de Lamoneda, Cicco\nSimonetta) naci\u00f3 en Begijar.<\/p>\n\n\n\n<p>Francisco se cas\u00f3 (1) <strong>Juana Fernandez Garcia<\/strong>, hija de\nMiguel Fernandez Gomez y Juana Garcia Ortiz. Juana naci\u00f3 en 1863 en Begijar.\nElla muri\u00f3 en 1924 en Jaen.<\/p>\n\n\n\n<p>Ellos tuvieron los hijos siguientes:<\/p>\n\n\n\n<p>+&nbsp;&nbsp;&nbsp;&nbsp;&nbsp;&nbsp; 174\nM&nbsp;&nbsp;&nbsp;&nbsp;&nbsp;&nbsp;&nbsp; i.&nbsp;&nbsp;&nbsp; <strong>Fernando\nLamoneda Fernandez<\/strong> naci\u00f3 el 22 Febrero 1885 y muri\u00f3 el 23 Octubre\n1960.<\/p>\n\n\n\n<p>+&nbsp;&nbsp;&nbsp;&nbsp;&nbsp;&nbsp; 175\nM&nbsp;&nbsp;&nbsp;&nbsp;&nbsp;&nbsp;&nbsp; ii.&nbsp;&nbsp; <strong>Juan\nLamoneda Fernandez<\/strong>.<\/p>\n\n\n\n<p>+&nbsp;&nbsp;&nbsp;&nbsp;&nbsp;&nbsp; 176\nM&nbsp;&nbsp;&nbsp;&nbsp;&nbsp;&nbsp; iii.&nbsp;&nbsp;\n<a href=\"http:\/\/es.wikipedia.org\/wiki\/Ramon_Lamoneda\"><strong>Ramon Lamoneda Fernandez<\/strong><\/a> naci\u00f3 en 1893 y\nmuri\u00f3 el 26 Febrero 1971.<\/p>\n\n\n\n<p>&nbsp;&nbsp;&nbsp;&nbsp;&nbsp;&nbsp;&nbsp;&nbsp; 177\nM&nbsp;&nbsp;&nbsp;&nbsp;&nbsp;&nbsp; iv.&nbsp;&nbsp; <strong>Leon Lamoneda\nFernandez<\/strong>.<\/p>\n\n\n\n<p>Francisco tambi\u00e9n se cas\u00f3 (2) <strong>Ana Fernandez Garcia<\/strong>.<\/p>\n\n\n\n<p>Ellos tuvieron los hijos siguientes:<\/p>\n\n\n\n<p>+&nbsp;&nbsp;&nbsp;&nbsp;&nbsp;&nbsp; 178\nM&nbsp;&nbsp;&nbsp;&nbsp;&nbsp;&nbsp; v.&nbsp;&nbsp; <strong>Miguel Lamoneda\nFernandez<\/strong>.<\/p>\n\n\n\n<p>+&nbsp;&nbsp;&nbsp;&nbsp;&nbsp;&nbsp; 179\nM&nbsp;&nbsp;&nbsp;&nbsp;&nbsp;&nbsp; vi.&nbsp;&nbsp; <strong>Francisco\nLamoneda Fernandez<\/strong>.<\/p>\n\n\n\n<p>&nbsp;&nbsp;&nbsp;&nbsp;&nbsp;&nbsp;&nbsp;&nbsp;&nbsp;&nbsp;180\nF&nbsp;&nbsp;&nbsp;&nbsp;&nbsp;&nbsp; vii.&nbsp;&nbsp; <strong>Ana Lamoneda\nFernandez<\/strong>.<\/p>\n\n\n\n<p>&nbsp;&nbsp;&nbsp;&nbsp;&nbsp;&nbsp;&nbsp;&nbsp;&nbsp; 181\nF&nbsp;&nbsp;&nbsp;&nbsp;&nbsp; &nbsp;viii.&nbsp;&nbsp; <strong>Juana Lamoneda\nFernandez<\/strong>.<\/p>\n\n\n\n<hr class=\"wp-block-separator\"\/>\n\n\n\n<figure class=\"wp-block-image\"><img loading=\"lazy\" decoding=\"async\" width=\"66\" height=\"125\" src=\"https:\/\/familia.garcialamoneda.es\/wp-content\/uploads\/2019\/03\/5.png\" alt=\"\" class=\"wp-image-137\"\/><\/figure>\n\n\n\n<p>&nbsp;&nbsp; 147. <a href=\"http:\/\/es.wikipedia.org\/wiki\/Patrocinio_de_Biedma_y_la_Moneda\"><strong>Patrocinio de Biedma y Lamoneda<\/strong><\/a> (Isabel\nMaria de Lamoneda Garcia-Riofrio, Juan Nicolas de Lamoneda Ayala, Joaquin\nEugenio de Lamoneda Morillo, Juan Nicolas de la Moneda Guevara, Fernando\nAntonio de Lamoneda y Rios, Juan Francisco de Lamoneda Marin, Hernando de\nLamoneda Pe\u00f1afiel, Juan de Lamoneda y Villaperez, Diego Buitrago de la Moneda y\nAguirre, Gregorio de la Moneda Martinez, Juan de Lamoneda, Francisco de\nLamoneda, Cicco Simonetta) naci\u00f3 el 13 Marzo 1845 en Begijar. Ella muri\u00f3 el 14\nSeptiembre 1927 en Cadiz.<\/p>\n\n\n\n<p>Poetisa que desarrollo en Cadiz una intensa vida profesional y, literaria y\nperiodistica, que le valieron en vida el reconocimiento nacional e\ninternacional. Fue nombrada vicepresidenta en Espa\u00f1a de la \u00abLigue des\nfemmes pour le desarmement international\u00bb.<\/p>\n\n\n\n<p>Patrocinio se cas\u00f3 (1) <strong>Jose Maria de Cuadros Arellano<\/strong> el 20\nDiciembre 1861 en Begijar. Jose naci\u00f3 en Baeza y tuvo su bautismo infantil el\n23 Septiembre 1833 en Parroquia de San Pablo. \u00c9l muri\u00f3 el 9 Febrero 1873 en\nMadrid.<\/p>\n\n\n\n<p>Ellos tuvieron los hijos siguientes:<\/p>\n\n\n\n<p>&nbsp;&nbsp;&nbsp;&nbsp;&nbsp;&nbsp;&nbsp;&nbsp;&nbsp;&nbsp;&nbsp; 182\nM&nbsp;&nbsp;&nbsp;&nbsp;&nbsp;&nbsp;&nbsp; i.&nbsp;&nbsp; <strong>Jose Maria\nde la Concepcion de Cuadros Biedma<\/strong> naci\u00f3 el 8 Mayo 1863 en Begijar.<\/p>\n\n\n\n<p>Fallecio a los pocos dias<\/p>\n\n\n\n<p>&nbsp;&nbsp;&nbsp;&nbsp;&nbsp;&nbsp;&nbsp;&nbsp;&nbsp;&nbsp;&nbsp; 183\nM&nbsp;&nbsp;&nbsp;&nbsp;&nbsp;&nbsp;&nbsp; ii.&nbsp; <strong>Manuel Maria de\nlos Angeles de Cuadros Biedma<\/strong> naci\u00f3 el 5 Agosto 1864 en Baeza. \u00c9l\nmuri\u00f3 el 7 Marzo 1865.<\/p>\n\n\n\n<p>&nbsp;&nbsp;&nbsp;&nbsp;&nbsp;&nbsp;&nbsp;&nbsp;&nbsp;&nbsp;&nbsp; 184\nM&nbsp;&nbsp;&nbsp;&nbsp;&nbsp;&nbsp; iii.&nbsp; <strong>Jose Maria del Olvido\nde Cuadros Biedma<\/strong> naci\u00f3 el 27 Febrero 1866 en Begijar. \u00c9l muri\u00f3 el 26\nAbril 1872 en Begijar.<\/p>\n\n\n\n<p>Patrocinio tambi\u00e9n se cas\u00f3 (2) Jos\u00e9 Rodr\u00edguez Rodr\u00edguez,&nbsp; archivero jefe de la Diputaci\u00f3n de C\u00e1diz y director de la Cr\u00f3nica Gaditana, siendo apadrinados por Alfonso XII. el 3 Noviembre 1880 en Parroquia de San Antonio de Padua (Cadiz). Jose muri\u00f3 el 10 Junio 1914 en Cadiz.<\/p>\n\n\n\n<div class=\"wp-block-button alignleft\"><a class=\"wp-block-button__link has-text-color has-very-dark-gray-color has-background has-very-light-gray-background-color\" href=\"https:\/\/familia.garcialamoneda.es\/index.php\/generacion-13\/\">&lt; Prev<br><\/a><\/div>\n\n\n\n<div class=\"wp-block-button alignright\"><a class=\"wp-block-button__link has-text-color has-very-dark-gray-color has-background has-very-light-gray-background-color\" href=\"https:\/\/familia.garcialamoneda.es\/index.php\/generacion-15\/\">Pr\u00f3ximo &gt;<br><\/a><\/div>\n","protected":false},"excerpt":{"rendered":"<p>&nbsp;&nbsp;&nbsp;&nbsp;&nbsp;&nbsp; 132. Maria Josefa de la Moneda Ramirez (Diego de la Moneda Ayala, Sebastian Fernando de la Moneda Colon, Diego Jose de la Moneda Marin, Juan Nicolas de la Moneda Guevara, Fernando Antonio de Lamoneda y Rios, Juan Francisco de Lamoneda Marin, Hernando de Lamoneda Pe\u00f1afiel, Juan de Lamoneda y Villaperez, Diego Buitrago de la &hellip; <\/p>\n<p class=\"link-more\"><a href=\"https:\/\/familia.garcialamoneda.es\/index.php\/generacion-14\/\" class=\"more-link\">Continuar leyendo<span class=\"screen-reader-text\"> \u00abGeneraci\u00f3n 14\u00bb<\/span><\/a><\/p>\n","protected":false},"author":1,"featured_media":0,"parent":0,"menu_order":0,"comment_status":"closed","ping_status":"closed","template":"","meta":{"footnotes":""},"class_list":["post-76","page","type-page","status-publish","hentry"],"_links":{"self":[{"href":"https:\/\/familia.garcialamoneda.es\/index.php\/wp-json\/wp\/v2\/pages\/76","targetHints":{"allow":["GET"]}}],"collection":[{"href":"https:\/\/familia.garcialamoneda.es\/index.php\/wp-json\/wp\/v2\/pages"}],"about":[{"href":"https:\/\/familia.garcialamoneda.es\/index.php\/wp-json\/wp\/v2\/types\/page"}],"author":[{"embeddable":true,"href":"https:\/\/familia.garcialamoneda.es\/index.php\/wp-json\/wp\/v2\/users\/1"}],"replies":[{"embeddable":true,"href":"https:\/\/familia.garcialamoneda.es\/index.php\/wp-json\/wp\/v2\/comments?post=76"}],"version-history":[{"count":3,"href":"https:\/\/familia.garcialamoneda.es\/index.php\/wp-json\/wp\/v2\/pages\/76\/revisions"}],"predecessor-version":[{"id":138,"href":"https:\/\/familia.garcialamoneda.es\/index.php\/wp-json\/wp\/v2\/pages\/76\/revisions\/138"}],"wp:attachment":[{"href":"https:\/\/familia.garcialamoneda.es\/index.php\/wp-json\/wp\/v2\/media?parent=76"}],"curies":[{"name":"wp","href":"https:\/\/api.w.org\/{rel}","templated":true}]}}