{"id":319,"date":"2019-03-28T16:58:54","date_gmt":"2019-03-28T16:58:54","guid":{"rendered":"https:\/\/familia.garcialamoneda.es\/?page_id=319"},"modified":"2019-03-28T17:05:49","modified_gmt":"2019-03-28T17:05:49","slug":"bibliografia","status":"publish","type":"page","link":"https:\/\/familia.garcialamoneda.es\/index.php\/bibliografia\/","title":{"rendered":"Bibliograf\u00eda"},"content":{"rendered":"\n<ul class=\"wp-block-list\"><li><strong>Prontuario\n     familiar de los Apellidos La Moneda y Ayala.<\/strong><\/li><\/ul>\n\n\n\n<p>(Manuscrito deSebasti\u00e1n Fernando De La Moneda Col\u00f3n en el a\u00f1o 1.825).<strong><\/strong><\/p>\n\n\n\n<p>(Trascripci\u00f3n: Antonio Garc\u00eda Garc\u00eda en el a\u00f1o 2002). <\/p>\n\n\n\n<ul class=\"wp-block-list\"><li><strong>Patrocinio de\n     Biedma y el linaje de Lamoneda.<\/strong><\/li><\/ul>\n\n\n\n<p>Andr\u00e9s Nic\u00e1s Moreno.<\/p>\n\n\n\n<p>Bolet\u00edn del Instituto de Estudios Giennenses, n\u00fam.170\n(1998). II Seminario de Bio-Bibliograf\u00eda giennense Manuel <\/p>\n\n\n\n<p>Caballero Venzal\u00e1. Ja\u00e9n <\/p>\n\n\n\n<ul class=\"wp-block-list\"><li><strong>Archivo Parroquial\n     de Lupi\u00f3n (Ja\u00e9n).<\/strong><\/li><li><strong>Archivo Municipal\n     de Lupi\u00f3n (Ja\u00e9n).<\/strong> <\/li><li><strong>Archivo Municipal\n     de Begijar (Ja\u00e9n).<\/strong><\/li><li><strong>Personal Ancestral\n     File.<\/strong><\/li><li><strong>Y la colaboraci\u00f3n\n     de las familias de: <\/strong><\/li><\/ul>\n\n\n\n<p>Almendralejo, Baena, Baeza, Begijar,\nC\u00e1diz, Canarias, Chile, Elche, Granada, Ja\u00e9n, Lupi\u00f3n, <\/p>\n\n\n\n<p>Madrid, M\u00e9jico, Palencia, Venezuela etc.<\/p>\n","protected":false},"excerpt":{"rendered":"<p>Prontuario familiar de los Apellidos La Moneda y Ayala. (Manuscrito deSebasti\u00e1n Fernando De La Moneda Col\u00f3n en el a\u00f1o 1.825). (Trascripci\u00f3n: Antonio Garc\u00eda Garc\u00eda en el a\u00f1o 2002). Patrocinio de Biedma y el linaje de Lamoneda. Andr\u00e9s Nic\u00e1s Moreno. Bolet\u00edn del Instituto de Estudios Giennenses, n\u00fam.170 (1998). II Seminario de Bio-Bibliograf\u00eda giennense Manuel Caballero Venzal\u00e1. &hellip; <\/p>\n<p class=\"link-more\"><a href=\"https:\/\/familia.garcialamoneda.es\/index.php\/bibliografia\/\" class=\"more-link\">Continuar leyendo<span class=\"screen-reader-text\"> \u00abBibliograf\u00eda\u00bb<\/span><\/a><\/p>\n","protected":false},"author":1,"featured_media":0,"parent":0,"menu_order":0,"comment_status":"closed","ping_status":"closed","template":"","meta":{"footnotes":""},"class_list":["post-319","page","type-page","status-publish","hentry"],"_links":{"self":[{"href":"https:\/\/familia.garcialamoneda.es\/index.php\/wp-json\/wp\/v2\/pages\/319","targetHints":{"allow":["GET"]}}],"collection":[{"href":"https:\/\/familia.garcialamoneda.es\/index.php\/wp-json\/wp\/v2\/pages"}],"about":[{"href":"https:\/\/familia.garcialamoneda.es\/index.php\/wp-json\/wp\/v2\/types\/page"}],"author":[{"embeddable":true,"href":"https:\/\/familia.garcialamoneda.es\/index.php\/wp-json\/wp\/v2\/users\/1"}],"replies":[{"embeddable":true,"href":"https:\/\/familia.garcialamoneda.es\/index.php\/wp-json\/wp\/v2\/comments?post=319"}],"version-history":[{"count":2,"href":"https:\/\/familia.garcialamoneda.es\/index.php\/wp-json\/wp\/v2\/pages\/319\/revisions"}],"predecessor-version":[{"id":332,"href":"https:\/\/familia.garcialamoneda.es\/index.php\/wp-json\/wp\/v2\/pages\/319\/revisions\/332"}],"wp:attachment":[{"href":"https:\/\/familia.garcialamoneda.es\/index.php\/wp-json\/wp\/v2\/media?parent=319"}],"curies":[{"name":"wp","href":"https:\/\/api.w.org\/{rel}","templated":true}]}}