{"id":109,"date":"2019-03-28T09:48:25","date_gmt":"2019-03-28T09:48:25","guid":{"rendered":"https:\/\/familia.garcialamoneda.es\/?page_id=109"},"modified":"2019-03-28T09:57:48","modified_gmt":"2019-03-28T09:57:48","slug":"prefacio","status":"publish","type":"page","link":"https:\/\/familia.garcialamoneda.es\/","title":{"rendered":"Prefacio"},"content":{"rendered":"\n<p>&nbsp;&nbsp;&nbsp;\nLo primero que se impone al contemplar este frondoso \u00e1rbol geneal\u00f3gico\nlamonediano es felicitar a sus autores Luis (de Almendralejo), Flori y Diego\n(de Lupi\u00f3n) por la gran capacidad de investigaci\u00f3n de que han hecho gala, por\nel rigor cient\u00edfico aplicado a la misma y por haber logrado superar el enorme\nreto que supon\u00eda desarrollar hasta nuestros d\u00edas la evoluci\u00f3n secular de unas\nra\u00edces plantadas en el siglo XV.<br>\n&nbsp;&nbsp;&nbsp;&nbsp; Entre Francesco Simonetta, primer tronco del \u00e1rbol\nhace seis siglos y creador, por traducci\u00f3n idiom\u00e1tica, del apellido Lamoneda, y\nese Juan Francisco Calle Lamoneda que apenas acaba de cumplir su primer a\u00f1o de\nvida, desfilan, o mejor dicho desfilamos, por las diferentes ramas de la\n\u00abplanta\u00bb representantes de 19 generaciones que dan fe de la enorme\nexpansi\u00f3n alcanzada por el apellido en Espa\u00f1a y fuera de ella. De un apellido\nque va seguido o antecedido, seg\u00fan el caso, por otros que nos merecen el&nbsp;\nmismo respeto que el nuestro.<br>\n&nbsp;&nbsp;&nbsp;&nbsp; Otro aspecto atractivo del trabajo es comprobar la\nmodificaci\u00f3n que con el tiempo va registrando el apellido, al que primero se le\nantepone un \u00abDe\u00bb ; Lamoneda, luego se le separa en La Moneda, o\nsimplemente Moneda y que finalmente queda consagrado democr\u00e1tica y\npragm\u00e1ticamente como Lamoneda.<br>\n&nbsp;&nbsp;&nbsp; La minuciosa revisi\u00f3n del \u00e1rbol me ha hecho recordar mi\nprimera visita a Begijar, el puebo natal de mi padre y de mis abuelos, donde no\nconociendo a nadie pregunt\u00e9 a un hombre que pasaba por la calle si sab\u00eda de\nalguien apellidado Lamoneda. \u00abPues aqu\u00ed todos se llaman as\u00ed\u00bb, me\ncontest\u00f3. Luego comprob\u00e9 que no estaba del todo exagerada su respuesta.<br>\n&nbsp;&nbsp;&nbsp;&nbsp; Ahora, al cabo de muchos a\u00f1os, el \u00e1rbol me ha\nconfirmado que la prolongaci\u00f3n de mi apellido paterno no s\u00f3lo ha rebasado los\nestrechos l\u00edmites de la provincia de Ja\u00e9n, sino tambi\u00e9n los de Espa\u00f1a. Y hay en\neste punto una curiosa coincidencia: los primeros Lamonedas (o Simonettas)\nhuyeron de Italia a Castilla y Francia por temor a represalias pol\u00edticas, la\nmisma causa por la que en el siglo XX mi padre y la mayor\u00eda de sus hermanos\ntuvieron que exiliarse en M\u00e9xico, pa\u00eds que a trav\u00e9s de nosotros cuenta con\nLamonedas de nacimiento mexicano. Y de otros, como yo mismo, que recibimos el\ncari\u00f1oso apelativo de \u00abel t\u00edo de Am\u00e9rica\u00bb.<br>\n&nbsp;&nbsp;&nbsp;&nbsp; En suma, es un \u00e1rbol frondoso, del que nos sentimos\norgullosos y cuyo m\u00e9rito nunca dejaremos de alabar, pero que implica sin duda\npara sus autores el compromiso de seguir reg\u00e1ndolo con el mismo amor que\nestamos seguros lo ha inspirado.<\/p>\n\n\n\n<p>\u00a0\u00a0\u00a0\u00a0\u00a0\u00a0\u00a0 Ram\u00f3n Lamoneda Izquierdo.\u00a0\u00a0\u00a0 (M\u00e9xico)<\/p>\n\n\n\n<div class=\"wp-block-button\"><a class=\"wp-block-button__link has-text-color has-very-dark-gray-color has-background has-very-light-gray-background-color\" href=\"https:\/\/familia.garcialamoneda.es\/index.php\/generacion-1\/\">Pr\u00f3ximo\u00a0 ><br><\/a><\/div>\n","protected":false},"excerpt":{"rendered":"<p>&nbsp;&nbsp;&nbsp; Lo primero que se impone al contemplar este frondoso \u00e1rbol geneal\u00f3gico lamonediano es felicitar a sus autores Luis (de Almendralejo), Flori y Diego (de Lupi\u00f3n) por la gran capacidad de investigaci\u00f3n de que han hecho gala, por el rigor cient\u00edfico aplicado a la misma y por haber logrado superar el enorme reto que supon\u00eda &hellip; <\/p>\n<p class=\"link-more\"><a href=\"https:\/\/familia.garcialamoneda.es\/\" class=\"more-link\">Continuar leyendo<span class=\"screen-reader-text\"> \u00abPrefacio\u00bb<\/span><\/a><\/p>\n","protected":false},"author":1,"featured_media":0,"parent":0,"menu_order":0,"comment_status":"closed","ping_status":"closed","template":"","meta":{"footnotes":""},"class_list":["post-109","page","type-page","status-publish","hentry"],"_links":{"self":[{"href":"https:\/\/familia.garcialamoneda.es\/index.php\/wp-json\/wp\/v2\/pages\/109","targetHints":{"allow":["GET"]}}],"collection":[{"href":"https:\/\/familia.garcialamoneda.es\/index.php\/wp-json\/wp\/v2\/pages"}],"about":[{"href":"https:\/\/familia.garcialamoneda.es\/index.php\/wp-json\/wp\/v2\/types\/page"}],"author":[{"embeddable":true,"href":"https:\/\/familia.garcialamoneda.es\/index.php\/wp-json\/wp\/v2\/users\/1"}],"replies":[{"embeddable":true,"href":"https:\/\/familia.garcialamoneda.es\/index.php\/wp-json\/wp\/v2\/comments?post=109"}],"version-history":[{"count":3,"href":"https:\/\/familia.garcialamoneda.es\/index.php\/wp-json\/wp\/v2\/pages\/109\/revisions"}],"predecessor-version":[{"id":116,"href":"https:\/\/familia.garcialamoneda.es\/index.php\/wp-json\/wp\/v2\/pages\/109\/revisions\/116"}],"wp:attachment":[{"href":"https:\/\/familia.garcialamoneda.es\/index.php\/wp-json\/wp\/v2\/media?parent=109"}],"curies":[{"name":"wp","href":"https:\/\/api.w.org\/{rel}","templated":true}]}}